{"id":2,"date":"2014-09-29T13:06:35","date_gmt":"2014-09-29T13:06:35","guid":{"rendered":"http:\/\/www.jacquesolivier.fr\/?page_id=2"},"modified":"2024-05-13T18:06:26","modified_gmt":"2024-05-13T17:06:26","slug":"page-d-exemple","status":"publish","type":"page","link":"http:\/\/www.jacquesolivier.fr\/?page_id=2","title":{"rendered":"Biographie"},"content":{"rendered":"<p>Jacques OLIVIER<\/p>\n<p>Mari\u00e9, 4 enfants,\u00a04 petits enfants. N\u00e9 en Avignon en 1953. Retrait\u00e9 du secteur bancaire.<\/p>\n<p><span style=\"color: #993300;\">Au plan politique<\/span> :<\/p>\n<p>Conseiller r\u00e9gional de la R\u00e9gion Provence-Alpes-C\u00f4te d&rsquo;Azur de 2004 \u00e0 2015.<br \/>\n<em>Dans la mandature 2004\/2010 :<\/em><br \/>\nPr\u00e9sident du groupe des \u00e9lus Verts et apparent\u00e9s.<br \/>\nPr\u00e9sident de la commission Agriculture, For\u00eat, Mer.<br \/>\nPr\u00e9sident du Comit\u00e9 Territorial Education Formation Emploi (COTEFE) d\u2019Apt.<\/p>\n<p><em>Dans la mandature 2010\/2015 :<\/em><br \/>\nT\u00eate de liste Verte\u00a0homme r\u00e9gionale.<br \/>\nPr\u00e9sident de la commission Agriculture, For\u00eat, Mer, P\u00eache et Littoral.<br \/>\nMembre du bureau du groupe EE-LV<\/p>\n<p>Maire du Thor (Vaucluse) de 2008\u00a0\u00e0 2014. Maire Honoraire.<\/p>\n<p>Vice pr\u00e9sident du CMBS de 2008 \u00e0 2014.<\/p>\n<p>Membre des Verts depuis 1996.<br \/>\nAncien secr\u00e9taire d\u00e9partemental des Verts Vaucluse.<br \/>\nMembre d\u2019Europe \u00e9cologie-Les Verts d\u00e8s sa cr\u00e9ation.<br \/>\nAnimateur du groupe local \u00ab entre Sorgue et Durance \u00bb.<\/p>\n<p><span style=\"color: #993300;\">Au plan associatif<\/span> :<\/p>\n<p>Animateur, de 1995 \u00e0 2004, du collectif \u00ab\u00a0Le Thor autrement\u00a0\u00bb devenu \u00ab\u00a0Le Thor \u00e0 venir\u00a0\u00bb.<\/p>\n<p>Pr\u00e9sident de l&rsquo;Amicale La\u00efque du Thor de 1986 \u00e0 1991.<br \/>\nMembre fondateur du comit\u00e9 local ATTAC Sorgue et Calavon.<br \/>\nMembre du r\u00e9seau \u00ab Sortir du nucl\u00e9aire \u00bb.<\/p>\n<p><span style=\"color: #993300;\">Au plan syndical<\/span> :<\/p>\n<p>Membre fondateur de SUD CAM (Cr\u00e9dit Agricole Mutuel) en 1993.<br \/>\nMembre du Conseil National de l&rsquo;Union G10 Solidaires au titre de SUD CAM de 1993 \u00e0 2002.<br \/>\n\u00e0 ce titre, Pr\u00e9sident de la commission nationale \u00ab\u00a0Banque\/Finance\u00a0\u00bb et charg\u00e9 des relations avec la Conf\u00e9d\u00e9ration Paysanne.<br \/>\nParticipation, au plan national, \u00e0 la cr\u00e9ation de AC !<\/p>\n<p>Ancien membre de la Chambre d&rsquo;Agriculture de Vaucluse et de la MSA.<\/p>\n<p>Caporal d&rsquo;honneur des Sapeurs Pompiers du Thor.<\/p>\n<p>Officier du M\u00e9rite Agricole.\u00a0 Tr\u00e9sorier de l&rsquo;AMOMA 84.<\/p>\n<p>Contacts : <a href=\"mailto:jdolivier@orange.fr\">jdolivier@orange.fr <\/a><\/p>\n","protected":false},"excerpt":{"rendered":"<p>Jacques OLIVIER Mari\u00e9, 4 enfants,\u00a04 petits enfants. N\u00e9 en Avignon en 1953. Retrait\u00e9 du secteur bancaire. Au plan politique : Conseiller r\u00e9gional de la R\u00e9gion Provence-Alpes-C\u00f4te d&rsquo;Azur de 2004 \u00e0 2015. Dans la mandature 2004\/2010 : Pr\u00e9sident du groupe des \u00e9lus Verts et apparent\u00e9s. Pr\u00e9sident de la commission Agriculture, For\u00eat, Mer. Pr\u00e9sident du Comit\u00e9 Territorial [&hellip;]<\/p>\n","protected":false},"author":1,"featured_media":0,"parent":0,"menu_order":0,"comment_status":"closed","ping_status":"closed","template":"","meta":{"footnotes":""},"_links":{"self":[{"href":"http:\/\/www.jacquesolivier.fr\/index.php?rest_route=\/wp\/v2\/pages\/2"}],"collection":[{"href":"http:\/\/www.jacquesolivier.fr\/index.php?rest_route=\/wp\/v2\/pages"}],"about":[{"href":"http:\/\/www.jacquesolivier.fr\/index.php?rest_route=\/wp\/v2\/types\/page"}],"author":[{"embeddable":true,"href":"http:\/\/www.jacquesolivier.fr\/index.php?rest_route=\/wp\/v2\/users\/1"}],"replies":[{"embeddable":true,"href":"http:\/\/www.jacquesolivier.fr\/index.php?rest_route=%2Fwp%2Fv2%2Fcomments&post=2"}],"version-history":[{"count":21,"href":"http:\/\/www.jacquesolivier.fr\/index.php?rest_route=\/wp\/v2\/pages\/2\/revisions"}],"predecessor-version":[{"id":198,"href":"http:\/\/www.jacquesolivier.fr\/index.php?rest_route=\/wp\/v2\/pages\/2\/revisions\/198"}],"wp:attachment":[{"href":"http:\/\/www.jacquesolivier.fr\/index.php?rest_route=%2Fwp%2Fv2%2Fmedia&parent=2"}],"curies":[{"name":"wp","href":"https:\/\/api.w.org\/{rel}","templated":true}]}}